{"id":804,"date":"2018-06-05T23:26:05","date_gmt":"2018-06-05T21:26:05","guid":{"rendered":"http:\/\/mediaskuteczni.pl\/?page_id=804"},"modified":"2020-02-21T00:25:23","modified_gmt":"2020-02-20T23:25:23","slug":"polityka-prywatnosci","status":"publish","type":"page","link":"http:\/\/mediaskuteczni.pl\/index.php\/polityka-prywatnosci\/","title":{"rendered":"Polityka prywatno\u015bci"},"content":{"rendered":"<p>Informujemy, \u017ce w naszej firmie dostosowali\u015bmy si\u0119 do wymog\u00f3w Rozporz\u0105dzenia Parlamentu Europejskiego i Rady (UE) 2016\/679 z dnia 27 kwietnia 2016 r. w sprawie ochrony os\u00f3b fizycznych w zwi\u0105zku z przetwarzaniem danych osobowych i w sprawie swobodnego przep\u0142ywu takich danych oraz uchylenia Dyrektywy 95\/46\/WE \u2013 nazywanego w skr\u00f3cie: RODO.<\/p>\n<p>&nbsp;<\/p>\n<p>Poni\u017cszy dokument okre\u015bla zasady stosowania plik\u00f3w Cookies oraz przetwarzania danych osobowych.<\/p>\n<p>&nbsp;<\/p>\n<p><strong>1 Dane Administratora Danych Osobowych<\/strong><\/p>\n<p>&nbsp;<\/p>\n<p>Uprzejmie informujemy, \u017ce administratorem Pana\/Pani danych osobowych jest Micha\u0142 W\u0105sikowski prowadz\u0105cy dzia\u0142alno\u015b\u0107 jako firma Mediaskuteczni Micha\u0142 W\u0105sikowski z siedzib\u0105:\u00a0 Radom 26-600, ul. Filtrowa 11\/16 NIP 7962787900 REGON: 366698497<\/p>\n<p>email: kontakt@mediaskuteczni.pl , zwany dalej Administratorem.<\/p>\n<p>Kontakt z Administratorem w sprawie ochrony danych osobowych jest mo\u017cliwy pod adresem e-mail: kontakt@mediaskuteczni.pl<\/p>\n<p>&nbsp;<\/p>\n<p><strong>2 Cele i podstawy przetwarzania danych osobowych<\/strong><\/p>\n<p><strong>\u00a0<\/strong><\/p>\n<p>Strona umo\u017cliwia kontakt z firm\u0105 Mediaskuteczni \u00a0poprzez wype\u0142nienie przygotowanego formularza kontaktowego.\u00a0Jego wype\u0142nienie wymaga podania danych osobowych, kt\u00f3re s\u0105 wykorzystywane\u00a0przez firm\u0119\u00a0Mediaskuteczni w celu odpowiedzi na zapytanie.<\/p>\n<p>&nbsp;<\/p>\n<p>Aby \u015bwiadczy\u0107 us\u0142ugi zgodnie z zakresem naszej dzia\u0142alno\u015bci, Administrator przetwarza Pana\/Pani dane osobowe \u2014 w r\u00f3\u017cnych celach, jednak zawsze zgodnie z prawem. Poni\u017cej znajdzie Pan\/Pani wyszczeg\u00f3lnione cele przetwarzania danych osobowych wraz z podstawami prawnymi.<\/p>\n<p>Administrator przetwarza powierzone dane w zwi\u0105zku z jedn\u0105 z 2 podstaw prawnych:<\/p>\n<ol>\n<li>a) W zwi\u0105zku z dobrowoln\u0105 zgod\u0105 u\u017cytkownika<\/li>\n<li>b) Niezb\u0119dno\u015b\u0107 danych w zwi\u0105zku z celami wynikaj\u0105cymi z prawnie uzasadnionych interes\u00f3w realizowanych przez Administratora takich jak:<\/li>\n<\/ol>\n<p>&#8211; Odpowied\u017a na zapytanie u\u017cytkownika<\/p>\n<p>&#8211; Prowadzenie analiz statystycznych.<\/p>\n<p>&#8211; Prowadzenie dzia\u0142a\u0144 marketingowych.<\/p>\n<p>&nbsp;<\/p>\n<p><strong>3 Cookies<\/strong><\/p>\n<p>Firma Mediaskuteczni na swojej stronie internetowej, podobnie jak inne podmioty, wykorzystuje tzw. cookies, czyli kr\u00f3tkie informacje tekstowe, zapisywane na komputerze, telefonie, tablecie, czy te\u017c innym urz\u0105dzeniu u\u017cytkownika. Mog\u0105 by\u0107 one odczytywane przez nasz system, a tak\u017ce przez systemy nale\u017c\u0105ce do innych podmiot\u00f3w, z kt\u00f3rych us\u0142ug korzystamy (np. Facebooka, Google\u2019a).<\/p>\n<p>Cookies spe\u0142niaj\u0105 bardzo wiele funkcji na stronie internetowej, najcz\u0119\u015bciej przydatnych, kt\u00f3re postaramy si\u0119 opisa\u0107 poni\u017cej (je\u017celi informacje s\u0105 niewystarczaj\u0105ce, prosimy o kontakt):<\/p>\n<p><strong>zapewnianie bezpiecze\u0144stwa<\/strong> \u2014 pliki cookies s\u0105 wykorzystywane w celu uwierzytelniania u\u017cytkownik\u00f3w oraz zapobiegania nieupowa\u017cnionemu korzystaniu z panelu klienta. S\u0142u\u017c\u0105 zatem do ochrony danych osobowych u\u017cytkownika przed dost\u0119pem os\u00f3b nieupowa\u017cnionych;<\/p>\n<p><strong>wp\u0142yw na procesy i wydajno\u015b\u0107 korzystania ze strony internetowej<\/strong> \u2014 pliki cookies s\u0105 wykorzystywane do tego, aby witryna sprawnie dzia\u0142a\u0142a i aby mo\u017cna by\u0142o korzysta\u0107 z funkcji na niej dost\u0119pnych, co jest mo\u017cliwe mi\u0119dzy innymi dzi\u0119ki zapami\u0119tywaniu ustawie\u0144 pomi\u0119dzy kolejnymi odwiedzinami na stronie. Dzi\u0119ki nim mo\u017cna zatem sprawnie porusza\u0107 si\u0119 na stronie internetowej i poszczeg\u00f3lnych podstronach;<\/p>\n<p><strong>stan sesji<\/strong> \u2014 w plikach cookies cz\u0119sto s\u0105 zapisywane informacje o tym, jak odwiedzaj\u0105cy korzystaj\u0105 ze strony internetowej, np. kt\u00f3re podstrony najcz\u0119\u015bciej wy\u015bwietlaj\u0105. Umo\u017cliwiaj\u0105 r\u00f3wnie\u017c identyfikacj\u0119 b\u0142\u0119d\u00f3w wy\u015bwietlanych na niekt\u00f3rych podstronach. Pliki cookies s\u0142u\u017c\u0105ce do zapisywania tzw. \u201estanu sesji\u201d pomagaj\u0105 zatem ulepsza\u0107 us\u0142ugi i zwi\u0119ksza\u0107 komfort przegl\u0105dania stron;<\/p>\n<p><strong>tworzenie statystyk<\/strong> \u2014 pliki cookies s\u0105 wykorzystywane do tego, aby przeanalizowa\u0107, w jaki spos\u00f3b u\u017cytkownicy korzystaj\u0105 ze strony internetowej (jak wielu otwiera stron\u0119 internetow\u0105, jak d\u0142ugo na niej pozostaj\u0105, kt\u00f3re tre\u015bci wzbudzaj\u0105 najwi\u0119ksze zainteresowanie etc.). Dzi\u0119ki temu mo\u017cna stale ulepsza\u0107 stron\u0119 internetow\u0105 i dostosowywa\u0107 jej dzia\u0142anie do preferencji u\u017cytkownik\u00f3w. W celu \u015bledzenia aktywno\u015bci i tworzenia statystyk wykorzystujemy narz\u0119dzia Google\u2019a, takie jak Google Analytics; opr\u00f3cz raportowania statystyk u\u017cytkowania witryny pikselowy Google Analytics mo\u017ce r\u00f3wnie\u017c s\u0142u\u017cy\u0107, razem z niekt\u00f3rymi opisanymi powy\u017cej plikami cookies, do pomocy w wy\u015bwietlaniu u\u017cytkownikowi bardziej trafnych tre\u015bci w us\u0142ugach Google (np. w wyszukiwarce Google) i w ca\u0142ej sieci;<\/p>\n<p><strong>korzystanie z funkcji spo\u0142eczno\u015bciowych<\/strong> \u2014 na stronie internetowej posiadamy tzw. pixel Facebooka, kt\u00f3ry zbiera dane statystyczne. Umo\u017cliwiamy polubienie naszego fanpage\u2019a w tym serwisie podczas korzystania z witryny. Jednak, aby to by\u0142o mo\u017cliwe, musimy korzysta\u0107 z plik\u00f3w cookies dostarczanych przez Facebooka.<\/p>\n<p>Co wa\u017cne, wiele plik\u00f3w cookies ma dla nas charakter zanonimizowany \u2014 bez dodatkowych informacji, na ich podstawie nie jeste\u015bmy w stanie zidentyfikowa\u0107 Pana\/Pani to\u017csamo\u015bci.<\/p>\n<p>Pana\/Pani przegl\u0105darka internetowa domy\u015blnie dopuszcza wykorzystywanie cookies w Pana\/Pani urz\u0105dzeniu, dlatego przy pierwszej wizycie prosimy o wyra\u017cenie zgody na u\u017cycie cookies. Je\u017celi jednak nie \u017cyczy Pan\/Pani sobie wykorzystania cookies przy przegl\u0105daniu strony internetowej, mo\u017cna zmieni\u0107 ustawienia w przegl\u0105darce internetowej \u2014 ca\u0142kowicie blokowa\u0107 automatyczn\u0105 obs\u0142ug\u0119 plik\u00f3w cookies lub \u017c\u0105da\u0107 powiadomienia o ka\u017cdorazowym zamieszczeniu cookies w urz\u0105dzeniu. Ustawienia mo\u017cna zmieni\u0107 w dowolnej chwili.<\/p>\n<p>Szanuj\u0105c autonomi\u0119 wszystkich os\u00f3b korzystaj\u0105cych ze strony internetowej, czujemy si\u0119 jednak w obowi\u0105zku uprzedzi\u0107, \u017ce wy\u0142\u0105czenie lub ograniczenie obs\u0142ugi plik\u00f3w cookies mo\u017ce spowodowa\u0107 do\u015b\u0107 powa\u017cne trudno\u015bci w korzystaniu ze strony internetowej, np. w postaci konieczno\u015bci logowania si\u0119 na ka\u017cdej podstronie, d\u0142u\u017cszego okresu \u0142adowania si\u0119 strony, ogranicze\u0144 w korzystaniu z funkcjonalno\u015bci, ogranicze\u0144 w polubieniu strony na Facebooku etc.<\/p>\n<p>&nbsp;<\/p>\n<p><strong>4 Prawo wycofania zgody<\/strong><\/p>\n<p>Je\u017celi przetwarzanie danych osobowych odbywa si\u0119 na podstawie zgody, w ka\u017cdej chwili mo\u017ce Pan\/Pani t\u0119 zgod\u0119 cofn\u0105\u0107 \u2014 wedle w\u0142asnego uznania.<\/p>\n<p>Je\u017celi chcia\u0142by\/chcia\u0142aby Pan\/Pani cofn\u0105\u0107 zgod\u0119 na przetwarzanie danych osobowych, to w tym celu wystarczy:<\/p>\n<p>&#8211; wys\u0142a\u0107 maila bezpo\u015brednio do Administratora na adres kontakt@mediaskuteczni.pl<\/p>\n<p>Je\u017celi przetwarzanie Pana\/Pani danych osobowych odbywa\u0142o si\u0119 na podstawie zgody, jej cofni\u0119cie nie powoduje, \u017ce przetwarzanie danych osobowych do tego momentu by\u0142o nielegalne. Innymi s\u0142owy, do czasu cofni\u0119cia zgody mamy prawo przetwarza\u0107 Pana\/Pani dane osobowe i jej odwo\u0142anie nie wp\u0142ywa na zgodno\u015b\u0107 z prawem dotychczasowego przetwarzania.<\/p>\n<p>&nbsp;<\/p>\n<p><strong>5 Zautomatyzowane podejmowanie decyzji i profilowanie<\/strong><\/p>\n<p>Uprzejmie informujemy, \u017ce nie dokonujemy zautomatyzowanego podejmowania decyzji, w tym w oparciu o profilowanie.<\/p>\n<p>&nbsp;<\/p>\n<p><strong>6 Przekazywanie danych osobowych do pa\u0144stw trzecich<\/strong><\/p>\n<p>Jak wi\u0119kszo\u015b\u0107 przedsi\u0119biorc\u00f3w, korzystamy z r\u00f3\u017cnych popularnych us\u0142ug i technologii, oferowanych przez takie podmioty, jak Facebook, Microsoft, czy Google. Firmy te maj\u0105 siedziby poza Uni\u0105 Europejsk\u0105, a zatem w \u015bwietle przepis\u00f3w RODO s\u0105 traktowane jako pa\u0144stwa trzecie.<\/p>\n<p>RODO wprowadza pewne ograniczenia w przekazywaniu danych osobowych do pa\u0144stw trzecich, poniewa\u017c skoro nie stosuje si\u0119 tam, co do zasady przepis\u00f3w europejskich, ochrona danych osobowych obywateli Unii Europejskiej mo\u017ce by\u0107 niestety niewystarczaj\u0105ca. Dlatego te\u017c ka\u017cdy administrator danych osobowych ma obowi\u0105zek ustali\u0107 podstaw\u0119 prawn\u0105 takiego przekazywania.<\/p>\n<p>Ze swojej strony zapewniamy, \u017ce przy korzystaniu z us\u0142ug i technologii przekazujemy dane osobowe wy\u0142\u0105cznie podmiotom ze Stan\u00f3w Zjednoczonych i wy\u0142\u0105cznie takim, kt\u00f3re do programu Privacy Shield, na podstawie decyzji wykonawczej Komisji Europejskiej z dnia 12 lipca 2016 r. \u2014 wi\u0119cej na ten temat mo\u017cna przeczyta\u0107 na stronie Komisji Europejskiej dost\u0119pnej przyst\u0105pi\u0142y pod adresem https:\/\/ec.europa.eu\/info\/law\/law-topic\/data-protection\/data-transfers-outside-eu\/eu-us-privacy-shield_pl. Podmioty, kt\u00f3re przyst\u0105pi\u0142y do programu Privacy Shield, gwarantuj\u0105, \u017ce b\u0119d\u0105 przestrzega\u0107 wysokich standard\u00f3w w zakresie ochrony danych osobowych, jakie obowi\u0105zuj\u0105 w Unii Europejskiej, dlatego korzystanie z ich us\u0142ug i oferowanych technologii w procesie przetwarzania danych osobowych jest zgodne z prawem.<\/p>\n<p>W ka\u017cdej chwili udzielimy Panu\/Pani dodatkowych wyja\u015bnie\u0144 odno\u015bnie przekazywania danych osobowych, w szczeg\u00f3lno\u015bci, gdy kwestia ta budzi Pana\/Pani niepok\u00f3j.<\/p>\n<p>&nbsp;<\/p>\n<p><strong>7 Okres przetwarzania danych osobowych<\/strong><\/p>\n<p>Zgodnie z obowi\u0105zuj\u0105cymi przepisami prawa nie przetwarzamy Pana\/Pani danych osobowych \u201ew niesko\u0144czono\u015b\u0107\u201d, lecz przez czas, kt\u00f3ry jest potrzebny, aby osi\u0105gn\u0105\u0107 wyznaczony cel, kt\u00f3rym jest przyk\u0142adowo wys\u0142anie odpowiedzi na zapytanie do strony. Po tym okresie Pana\/Pani dane osobowe zostan\u0105 nieodwracalnie usuni\u0119te lub zniszczone.<\/p>\n<p>&nbsp;<\/p>\n<p><strong>\u00a0\u00a0\u00a0\u00a0\u00a0\u00a0\u00a0\u00a0\u00a0\u00a0\u00a0\u00a0\u00a0\u00a0\u00a0\u00a0\u00a0\u00a0\u00a0\u00a0\u00a0\u00a0\u00a0\u00a0\u00a0\u00a0\u00a0\u00a0\u00a0\u00a0\u00a0\u00a0\u00a0\u00a0\u00a0\u00a0\u00a0\u00a0\u00a0\u00a0\u00a0\u00a0\u00a0\u00a0 8 Uprawnienia podmiot\u00f3w danych<\/strong><\/p>\n<p>Uprzejmie informujemy, \u017ce posiada Pan\/Pani prawo do:<\/p>\n<p>&#8211; dost\u0119pu do swoich danych osobowych;<\/p>\n<p>&#8211; sprostowania danych osobowych;<\/p>\n<p>&#8211; usuni\u0119cia danych osobowych;<\/p>\n<p>&#8211; ograniczenia przetwarzania danych osobowych;<\/p>\n<p>&#8211; sprzeciwu wobec przetwarzania danych osobowych;<\/p>\n<p>&#8211; przenoszenia danych osobowych.<\/p>\n<p>Szanujemy Pana\/Pani prawa wynikaj\u0105ce z przepis\u00f3w o ochronie danych osobowych i staramy si\u0119 u\u0142atwia\u0107 ich realizacj\u0119 w najwy\u017cszym mo\u017cliwym stopniu.<\/p>\n<p>Wskazujemy, \u017ce wymienione uprawnienia nie maj\u0105 charakteru absolutnego, a zatem w niekt\u00f3rych sytuacjach mo\u017cemy zgodnie z prawem odm\u00f3wi\u0107 Panu\/Pani ich spe\u0142nienia. Jednak\u017ce, je\u017celi odmawiamy uwzgl\u0119dnienia \u017c\u0105dania, to tylko po wnikliwej analizie i tylko w sytuacji, gdy odmowa uwzgl\u0119dnienia \u017c\u0105dania jest konieczna.<\/p>\n<p>Odno\u015bnie prawa do wniesienia sprzeciwu wyja\u015bniamy, \u017ce w ka\u017cdej chwili przys\u0142uguje Panu\/Pani prawo do sprzeciwienia si\u0119 przetwarzaniu danych osobowych na podstawie prawnie uzasadnionego interesu Administratora Danych Osobowych (zosta\u0142y one wymienione w punkcie 3) w zwi\u0105zku z Pana\/Pani szczeg\u00f3ln\u0105 sytuacj\u0105. Musi Pan\/Pani jednak pami\u0119ta\u0107, \u017ce zgodnie z przepisami mo\u017cemy odm\u00f3wi\u0107 uwzgl\u0119dnienia sprzeciwu, je\u017celi wyka\u017cemy, \u017ce:<\/p>\n<p>&#8211; istniej\u0105 prawnie uzasadnione podstawy do przetwarzania, kt\u00f3re s\u0105 nadrz\u0119dne w stosunku do Pana\/Pani interes\u00f3w, praw i wolno\u015bci lub<\/p>\n<p>&#8211; istniej\u0105 podstawy do ustalenia, dochodzenia lub obrony roszcze\u0144.<\/p>\n<p>&nbsp;<\/p>\n<p>Ponadto w ka\u017cdej chwili mo\u017ce Pan\/Pani wnie\u015b\u0107 sprzeciw wobec przetwarzania Pana\/Pani danych osobowych do cel\u00f3w marketingowych. W takiej sytuacji po otrzymaniu sprzeciwu zaprzestaniemy przetwarzania w tym celu.<\/p>\n<p>Swoje uprawnienia mo\u017ce Pan\/Pani zrealizowa\u0107 poprzez:<\/p>\n<p>&#8211; wys\u0142anie maila bezpo\u015brednio do Administratora na adres kontakt@mediaskuteczni.pl<\/p>\n<p>&nbsp;<\/p>\n<p><strong>9 Prawo do wniesienia skargi<\/strong><\/p>\n<p>Je\u017celi uwa\u017ca Pan\/Pani, \u017ce Pana\/Pani dane osobowe s\u0105 przetwarzane niezgodnie z obowi\u0105zuj\u0105cym prawem, mo\u017ce Pan\/Pani wnie\u015b\u0107 skarg\u0119 do Prezesa Urz\u0119du Ochrony Danych Osobowych.<\/p>\n<p>&nbsp;<\/p>\n<p><strong>10 Postanowienia ko\u0144cowe<\/strong><\/p>\n<p>W zakresie nieuregulowanym niniejsz\u0105 Polityk\u0105 prywatno\u015bci obowi\u0105zuj\u0105 przepisy z zakresu ochrony danych osobowych.<\/p>\n<p>O wszelkich zmianach wprowadzonych do niniejszej Polityki prywatno\u015bci zostanie Pan\/Pani powiadomiony\/powiadomiona drog\u0105 e-mailow\u0105<\/p>\n<p>Niniejsza Polityka prywatno\u015bci obowi\u0105zuje od dnia 25 maja 2018 r.<\/p>\n","protected":false},"excerpt":{"rendered":"<p>Informujemy, \u017ce w naszej firmie dostosowali\u015bmy si\u0119 do wymog\u00f3w Rozporz\u0105dzenia Parlamentu Europejskiego i Rady (UE) 2016\/679 z dnia 27 kwietnia 2016 r. w sprawie ochrony os\u00f3b fizycznych w zwi\u0105zku z przetwarzaniem danych osobowych i w sprawie swobodnego przep\u0142ywu takich danych oraz uchylenia Dyrektywy 95\/46\/WE \u2013 nazywanego w skr\u00f3cie: RODO. &nbsp; Poni\u017cszy dokument okre\u015bla zasady stosowania [&hellip;]<\/p>\n","protected":false},"author":1,"featured_media":0,"parent":0,"menu_order":0,"comment_status":"closed","ping_status":"closed","template":"one-page-template.php","meta":{"om_disable_all_campaigns":false,"_monsterinsights_skip_tracking":false,"_monsterinsights_sitenote_active":false,"_monsterinsights_sitenote_note":"","_monsterinsights_sitenote_category":0,"footnotes":""},"class_list":["post-804","page","type-page","status-publish","hentry"],"aioseo_notices":[],"_links":{"self":[{"href":"http:\/\/mediaskuteczni.pl\/index.php\/wp-json\/wp\/v2\/pages\/804","targetHints":{"allow":["GET"]}}],"collection":[{"href":"http:\/\/mediaskuteczni.pl\/index.php\/wp-json\/wp\/v2\/pages"}],"about":[{"href":"http:\/\/mediaskuteczni.pl\/index.php\/wp-json\/wp\/v2\/types\/page"}],"author":[{"embeddable":true,"href":"http:\/\/mediaskuteczni.pl\/index.php\/wp-json\/wp\/v2\/users\/1"}],"replies":[{"embeddable":true,"href":"http:\/\/mediaskuteczni.pl\/index.php\/wp-json\/wp\/v2\/comments?post=804"}],"version-history":[{"count":3,"href":"http:\/\/mediaskuteczni.pl\/index.php\/wp-json\/wp\/v2\/pages\/804\/revisions"}],"predecessor-version":[{"id":809,"href":"http:\/\/mediaskuteczni.pl\/index.php\/wp-json\/wp\/v2\/pages\/804\/revisions\/809"}],"wp:attachment":[{"href":"http:\/\/mediaskuteczni.pl\/index.php\/wp-json\/wp\/v2\/media?parent=804"}],"curies":[{"name":"wp","href":"https:\/\/api.w.org\/{rel}","templated":true}]}}